{"id":168,"date":"2017-06-13T09:01:16","date_gmt":"2017-06-13T07:01:16","guid":{"rendered":"http:\/\/www.maxdupuy.fr\/?page_id=168"},"modified":"2025-11-01T18:09:24","modified_gmt":"2025-11-01T17:09:24","slug":"mes-expositions","status":"publish","type":"page","link":"https:\/\/www.maxdupuy.fr\/index.php\/mes-expositions\/","title":{"rendered":"Mes expositions"},"content":{"rendered":"\n<h2 class=\"wp-block-heading\">Expositions personnelles<\/h2>\n\n\n\n<div class=\"wp-block-columns is-layout-flex wp-container-core-columns-is-layout-1 wp-block-columns-is-layout-flex\">\n<div class=\"wp-block-column is-layout-flow wp-block-column-is-layout-flow\">\n<p><strong>2025 &#8211;\u00a0<\/strong>Pavillon Charles X<strong>\u00a037 SAINT-CYR<\/strong><br><strong>2024 &#8211;\u00a0<\/strong>Pavillon de la Cr\u00e9ation<strong>\u00a037 SAINT-CYR<\/strong><br><strong>2021 &#8211;\u00a0<\/strong>Centre d&rsquo;Art Le GARAGE\u00a0<strong>37 AMBOISE<br>2017\u00a0&#8211;<\/strong> Pavillon Charles X <strong>37 SAINT-CYR<\/strong><br><strong>2016\u00a0&#8211;<\/strong> Pavillon Charles X <strong>37 SAINT-CYR<\/strong><br><strong>2013\u00a0&#8211;<\/strong> Espace Mose <strong>86 LA ROCHE POSAY<\/strong><br><strong>2012\u00a0&#8211;<\/strong> IUT\u00a0<strong>88 SAINT-DI\u00c9-DES-VOSGES<\/strong><br><strong>2012\u00a0&#8211;<\/strong> Galerie du Chancellier <strong>37 LOCHES<\/strong><br><strong>2012\u00a0&#8211;<\/strong>\u00a0Galerie MONOD <strong>75 PARIS<\/strong><br><strong>2010\u00a0&#8211;<\/strong>\u00a0Galerie MONOD <strong>75 PARIS<br>2009 &#8211;\u00a0<\/strong>La Pr\u00e9v\u00f4t\u00e9\u00a0<strong>41 SAINT AIGNAN<\/strong><br><strong>2007\u00a0&#8211;<\/strong> Espace Gibert <strong>11 L\u00c9ZIGNAN-CORBIERES<\/strong><br><strong>2005\u00a0&#8211;<\/strong> Galerie du Carroi <strong>37 MONTLOUIS\/LOIRE<\/strong><br><strong>2005\u00a0&#8211;<\/strong> Galerie \u00ab\u00a0art de vivre\u00a0\u00bb <strong>37 TOURS<\/strong><br><strong>2005\u00a0&#8211;<\/strong> Galerie des couverts <strong>09 MIREPOIX<\/strong><br><strong>2001\u00a0&#8211;<\/strong> Galerie des couverts <strong>09 MIREPOIX<\/strong><br><strong>2001\u00a0&#8211;<\/strong> Aquarium de Touraine <strong>37 LUSSAULT<\/strong><br><strong>1994\u00a0&#8211;<\/strong> Galerie du Point tourn\u00e9 <strong>37 AMBOISE<\/strong><br><strong>1988\u00a0&#8211;<\/strong> Galerie du mus\u00e9e <strong>37 AMBOISE<\/strong><br><strong>1982\u00a0&#8211;<\/strong> Galerie du mus\u00e9e <strong>37 AMBOISE<\/strong><br><strong>1977\u00a0&#8211;<\/strong> Galerie de La Tour\u00a0<strong>37 AMBOISE<\/strong><br><strong>1972\u00a0&#8211;<\/strong> Galerie du Casino <strong>50 CHERBOURG<\/strong><\/p>\n<\/div>\n\n\n\n<div class=\"wp-block-column is-layout-flow wp-block-column-is-layout-flow\">\n<figure class=\"wp-block-image size-large\"><img loading=\"lazy\" decoding=\"async\" width=\"515\" height=\"443\" src=\"http:\/\/www.maxdupuy.fr\/wp-content\/uploads\/2024\/02\/pavillon-creation-nuit_toute_largeur.jpg\" alt=\"\" class=\"wp-image-1685\" srcset=\"https:\/\/www.maxdupuy.fr\/wp-content\/uploads\/2024\/02\/pavillon-creation-nuit_toute_largeur.jpg 515w, https:\/\/www.maxdupuy.fr\/wp-content\/uploads\/2024\/02\/pavillon-creation-nuit_toute_largeur-300x258.jpg 300w\" sizes=\"(max-width: 515px) 100vw, 515px\" \/><\/figure>\n\n\n\n<figure class=\"wp-block-image size-large\"><img loading=\"lazy\" decoding=\"async\" width=\"1024\" height=\"768\" src=\"http:\/\/www.maxdupuy.fr\/wp-content\/uploads\/2017\/06\/galerie-1024x768.jpg\" alt=\"Galerie\" class=\"wp-image-169\" srcset=\"https:\/\/www.maxdupuy.fr\/wp-content\/uploads\/2017\/06\/galerie-1024x768.jpg 1024w, https:\/\/www.maxdupuy.fr\/wp-content\/uploads\/2017\/06\/galerie-300x225.jpg 300w, https:\/\/www.maxdupuy.fr\/wp-content\/uploads\/2017\/06\/galerie-768x576.jpg 768w, https:\/\/www.maxdupuy.fr\/wp-content\/uploads\/2017\/06\/galerie.jpg 1600w\" sizes=\"(max-width: 1024px) 100vw, 1024px\" \/><\/figure>\n<\/div>\n<\/div>\n\n\n<h1>Expositions avec le collectif Octogone<\/h1>\n<div><strong>2015&nbsp;&#8211;<\/strong> Galerie des Arts, Domaine du Palais&nbsp;des \u00e9v\u00eaques <strong>09 SAINT-LIZIER<\/strong><\/div>\n<div><strong>2014&nbsp;&#8211;<\/strong> Galerie des Arts, Domaine du Palais&nbsp;des \u00e9v\u00eaques <strong>09 SAINT-LIZIER<\/strong><\/div>\n<div><strong>2012&nbsp;&#8211;<\/strong> Chapelle&nbsp;<strong>09 SEIX<\/strong><\/div>\n<div><strong>2012&nbsp;&#8211;<\/strong> Galerie du th\u00e9\u00e2tre <strong>31 SAINT-GAUDENS<\/strong><\/div>\n<div><strong>2011&nbsp;&#8211;<\/strong> Maison des associations <strong>31 TOULOUSE<\/strong><\/div>\n<div><strong>2011&nbsp;&#8211;<\/strong> Les greniers du Chap\u00eetre <strong>46 CAHORS<\/strong><\/div>\n<div><strong>2009&nbsp;&#8211;<\/strong> Galerie de la Pr\u00e9v\u00f4t\u00e9 <strong>41 SAINT-AIGNAN<\/strong><\/div>\n<div><strong>2008&nbsp;&#8211;<\/strong> Ch\u00e2teau <strong>31 LAUNAGUET<\/strong><\/div>\n<div><strong>2007&nbsp;&#8211;<\/strong> Mus\u00e9e municipal <strong>31 SAINT-GAUDENS<\/strong><\/div>\n<div><strong>2007&nbsp;&#8211;<\/strong> Espace Gibert <strong>11 L\u00c9ZIGNAN-CORBIERES<\/strong><\/div>\n<div><strong>2006&nbsp;&#8211;<\/strong>&nbsp;Rue des Arts <strong>09 CARLA-BAYLE<\/strong><\/div>\n<div>&nbsp;<\/div>\n<div>&nbsp;<\/div>\n<div>&nbsp;<\/div>\n<div><img loading=\"lazy\" decoding=\"async\" class=\"aligncenter wp-image-184\" title=\"St-Gaudens\" src=\"http:\/\/www.maxdupuy.fr\/wp-content\/uploads\/2017\/06\/galerie2-300x225.jpg\" alt=\"Galerie\" width=\"500\" height=\"375\" srcset=\"https:\/\/www.maxdupuy.fr\/wp-content\/uploads\/2017\/06\/galerie2-300x225.jpg 300w, https:\/\/www.maxdupuy.fr\/wp-content\/uploads\/2017\/06\/galerie2-768x576.jpg 768w, https:\/\/www.maxdupuy.fr\/wp-content\/uploads\/2017\/06\/galerie2.jpg 1024w\" sizes=\"(max-width: 500px) 100vw, 500px\" \/><\/div>\n<div>&nbsp;<\/div>\n<div>&nbsp;<\/div>\n<h1>Salon \u00ab\u00a0R\u00e9alit\u00e9s Nouvelles\u00a0\u00bb<\/h1>\n<div><strong>2024 \u2013&nbsp;<\/strong>\u00ab\u00a0R\u00e9alit\u00e9s Nouvelles\u00a0\u00bb Parc Floral&nbsp;<strong>75&nbsp;PARIS-VINCENNES<\/strong><strong><br>2009 &#8211;<\/strong> \u00ab\u00a0R\u00e9alit\u00e9s Nouvelles\u00a0\u00bb R\u00e9fectoire des cordeliers <strong>75&nbsp;PARIS<\/strong><\/div>\n<div>&nbsp;<\/div>\n<div>&nbsp;<\/div>\n<div>&nbsp;<\/div>\n<div><img loading=\"lazy\" decoding=\"async\" class=\"aligncenter wp-image-171\" title=\"Salon R\u00e9alit\u00e9s Nouvelles\" src=\"http:\/\/www.maxdupuy.fr\/wp-content\/uploads\/2017\/06\/galerie3-300x225.jpg\" alt=\"Galerie\" width=\"500\" height=\"375\" srcset=\"https:\/\/www.maxdupuy.fr\/wp-content\/uploads\/2017\/06\/galerie3-300x225.jpg 300w, https:\/\/www.maxdupuy.fr\/wp-content\/uploads\/2017\/06\/galerie3-768x576.jpg 768w, https:\/\/www.maxdupuy.fr\/wp-content\/uploads\/2017\/06\/galerie3-1024x768.jpg 1024w, https:\/\/www.maxdupuy.fr\/wp-content\/uploads\/2017\/06\/galerie3.jpg 1600w\" sizes=\"(max-width: 500px) 100vw, 500px\" \/><\/div>\n<div>&nbsp;<\/div>\n<p><\/p>\n<hr>\n<p style=\"text-align: center;\"><img loading=\"lazy\" decoding=\"async\" class=\"aligncenter  wp-image-1579\" src=\"http:\/\/www.maxdupuy.fr\/wp-content\/uploads\/2021\/12\/expo.jpg\" alt=\"\" width=\"402\" height=\"299\" srcset=\"https:\/\/www.maxdupuy.fr\/wp-content\/uploads\/2021\/12\/expo.jpg 2054w, https:\/\/www.maxdupuy.fr\/wp-content\/uploads\/2021\/12\/expo-300x223.jpg 300w, https:\/\/www.maxdupuy.fr\/wp-content\/uploads\/2021\/12\/expo-1024x761.jpg 1024w, https:\/\/www.maxdupuy.fr\/wp-content\/uploads\/2021\/12\/expo-768x571.jpg 768w, https:\/\/www.maxdupuy.fr\/wp-content\/uploads\/2021\/12\/expo-1536x1141.jpg 1536w, https:\/\/www.maxdupuy.fr\/wp-content\/uploads\/2021\/12\/expo-2048x1522.jpg 2048w, https:\/\/www.maxdupuy.fr\/wp-content\/uploads\/2021\/12\/expo-904x672.jpg 904w\" sizes=\"(max-width: 402px) 100vw, 402px\" \/><strong>2021 &#8211;<\/strong>&nbsp;Centre d&rsquo;Art, LE GARAGE&nbsp;<strong>37 AMBOISE<\/strong><\/p>\n<p style=\"text-align: center;\"><img loading=\"lazy\" decoding=\"async\" class=\"wp-image-649 aligncenter\" src=\"http:\/\/www.maxdupuy.fr\/wp-content\/uploads\/2017\/06\/Saint_lizier-300x225.jpg\" alt=\"Saint Lizier\" width=\"400\" height=\"300\" srcset=\"https:\/\/www.maxdupuy.fr\/wp-content\/uploads\/2017\/06\/Saint_lizier-300x225.jpg 300w, https:\/\/www.maxdupuy.fr\/wp-content\/uploads\/2017\/06\/Saint_lizier-768x576.jpg 768w, https:\/\/www.maxdupuy.fr\/wp-content\/uploads\/2017\/06\/Saint_lizier-1024x768.jpg 1024w, https:\/\/www.maxdupuy.fr\/wp-content\/uploads\/2017\/06\/Saint_lizier.jpg 1280w\" sizes=\"(max-width: 400px) 100vw, 400px\" \/><br><strong>2015&nbsp;&#8211;<\/strong> Galerie des Arts, Domaine du Palais&nbsp;des \u00e9v\u00eaques <strong>09 SAINT-LIZIER<\/strong><\/p>\n<p><\/p>\n<p style=\"text-align: center;\"><img loading=\"lazy\" decoding=\"async\" class=\"wp-image-646 aligncenter\" title=\"Galerie monod\" src=\"http:\/\/www.maxdupuy.fr\/wp-content\/uploads\/2017\/06\/galerie_monod-300x169.jpg\" alt=\"Galerie monod\" width=\"400\" height=\"226\" srcset=\"https:\/\/www.maxdupuy.fr\/wp-content\/uploads\/2017\/06\/galerie_monod-300x169.jpg 300w, https:\/\/www.maxdupuy.fr\/wp-content\/uploads\/2017\/06\/galerie_monod-768x433.jpg 768w, https:\/\/www.maxdupuy.fr\/wp-content\/uploads\/2017\/06\/galerie_monod-1024x578.jpg 1024w, https:\/\/www.maxdupuy.fr\/wp-content\/uploads\/2017\/06\/galerie_monod.jpg 1280w\" sizes=\"(max-width: 400px) 100vw, 400px\" \/><br><strong>2012&nbsp;&#8211;<\/strong>&nbsp;Galerie MONOD <strong>75 PARIS<\/strong><\/p>\n<p><\/p>\n<p style=\"text-align: center;\"><img loading=\"lazy\" decoding=\"async\" class=\"wp-image-647 aligncenter\" title=\"Loche\" src=\"http:\/\/www.maxdupuy.fr\/wp-content\/uploads\/2017\/06\/loche-300x225.jpg\" alt=\"Loche\" width=\"400\" height=\"300\" srcset=\"https:\/\/www.maxdupuy.fr\/wp-content\/uploads\/2017\/06\/loche-300x225.jpg 300w, https:\/\/www.maxdupuy.fr\/wp-content\/uploads\/2017\/06\/loche-768x576.jpg 768w, https:\/\/www.maxdupuy.fr\/wp-content\/uploads\/2017\/06\/loche-1024x768.jpg 1024w, https:\/\/www.maxdupuy.fr\/wp-content\/uploads\/2017\/06\/loche.jpg 1280w\" sizes=\"(max-width: 400px) 100vw, 400px\" \/><br><strong>2012&nbsp;&#8211;<\/strong> Galerie du Chancellier <strong>37 LOCHES<\/strong><\/p>\n<p><\/p>\n<p style=\"text-align: center;\"><img loading=\"lazy\" decoding=\"async\" class=\"wp-image-645 aligncenter\" title=\"Cahors\" src=\"http:\/\/www.maxdupuy.fr\/wp-content\/uploads\/2017\/06\/cahors-300x225.jpg\" alt=\"Cahors\" width=\"400\" height=\"300\" srcset=\"https:\/\/www.maxdupuy.fr\/wp-content\/uploads\/2017\/06\/cahors-300x225.jpg 300w, https:\/\/www.maxdupuy.fr\/wp-content\/uploads\/2017\/06\/cahors-768x576.jpg 768w, https:\/\/www.maxdupuy.fr\/wp-content\/uploads\/2017\/06\/cahors-1024x768.jpg 1024w, https:\/\/www.maxdupuy.fr\/wp-content\/uploads\/2017\/06\/cahors.jpg 1280w\" sizes=\"(max-width: 400px) 100vw, 400px\" \/><br><strong>2011&nbsp;&#8211;<\/strong> Les greniers du Chap\u00eetre <strong>46 CAHORS<\/strong><\/p>\n<p><\/p>\n<p style=\"text-align: center;\"><img loading=\"lazy\" decoding=\"async\" class=\"wp-image-648 aligncenter\" src=\"http:\/\/www.maxdupuy.fr\/wp-content\/uploads\/2017\/06\/monod-225x300.jpg\" alt=\"Galerie Monod\" width=\"400\" height=\"533\" srcset=\"https:\/\/www.maxdupuy.fr\/wp-content\/uploads\/2017\/06\/monod-225x300.jpg 225w, https:\/\/www.maxdupuy.fr\/wp-content\/uploads\/2017\/06\/monod-768x1024.jpg 768w, https:\/\/www.maxdupuy.fr\/wp-content\/uploads\/2017\/06\/monod.jpg 960w\" sizes=\"(max-width: 400px) 100vw, 400px\" \/><br><strong>2010&nbsp;&#8211;<\/strong>&nbsp;Galerie MONOD <strong>75 PARIS<\/strong><\/p>\n<p><\/p>\n<p><img loading=\"lazy\" decoding=\"async\" class=\"wp-image-643 aligncenter\" title=\"Saint Aignan\" src=\"http:\/\/www.maxdupuy.fr\/wp-content\/uploads\/2017\/06\/st-aignan-300x225.jpg\" alt=\"Saint Aignan\" width=\"400\" height=\"300\" srcset=\"https:\/\/www.maxdupuy.fr\/wp-content\/uploads\/2017\/06\/st-aignan-300x225.jpg 300w, https:\/\/www.maxdupuy.fr\/wp-content\/uploads\/2017\/06\/st-aignan-768x576.jpg 768w, https:\/\/www.maxdupuy.fr\/wp-content\/uploads\/2017\/06\/st-aignan.jpg 800w\" sizes=\"(max-width: 400px) 100vw, 400px\" \/><\/p>\n<p style=\"text-align: center;\"><strong>2009 &#8211;&nbsp;<\/strong>La Pr\u00e9v\u00f4t\u00e9&nbsp;<strong>41 SAINT AIGNAN<\/strong><\/p>\n<p><\/p>","protected":false},"excerpt":{"rendered":"<p>Expositions personnelles 2025 &#8211;\u00a0Pavillon Charles X\u00a037 SAINT-CYR2024 &#8211;\u00a0Pavillon de la Cr\u00e9ation\u00a037 SAINT-CYR2021 &#8211;\u00a0Centre d&rsquo;Art Le GARAGE\u00a037 AMBOISE2017\u00a0&#8211; Pavillon Charles X 37 SAINT-CYR2016\u00a0&#8211; Pavillon Charles X 37 SAINT-CYR2013\u00a0&#8211; Espace Mose 86 LA ROCHE POSAY2012\u00a0&#8211; IUT\u00a088 SAINT-DI\u00c9-DES-VOSGES2012\u00a0&#8211; Galerie du Chancellier 37 LOCHES2012\u00a0&#8211;\u00a0Galerie MONOD 75 PARIS2010\u00a0&#8211;\u00a0Galerie MONOD 75 PARIS2009 &#8211;\u00a0La Pr\u00e9v\u00f4t\u00e9\u00a041 SAINT AIGNAN2007\u00a0&#8211; Espace Gibert 11 L\u00c9ZIGNAN-CORBIERES2005\u00a0&#8211; Galerie [&hellip;]<\/p>\n","protected":false},"author":2,"featured_media":0,"parent":0,"menu_order":0,"comment_status":"closed","ping_status":"closed","template":"","meta":{"footnotes":""},"_links":{"self":[{"href":"https:\/\/www.maxdupuy.fr\/index.php\/wp-json\/wp\/v2\/pages\/168"}],"collection":[{"href":"https:\/\/www.maxdupuy.fr\/index.php\/wp-json\/wp\/v2\/pages"}],"about":[{"href":"https:\/\/www.maxdupuy.fr\/index.php\/wp-json\/wp\/v2\/types\/page"}],"author":[{"embeddable":true,"href":"https:\/\/www.maxdupuy.fr\/index.php\/wp-json\/wp\/v2\/users\/2"}],"replies":[{"embeddable":true,"href":"https:\/\/www.maxdupuy.fr\/index.php\/wp-json\/wp\/v2\/comments?post=168"}],"version-history":[{"count":41,"href":"https:\/\/www.maxdupuy.fr\/index.php\/wp-json\/wp\/v2\/pages\/168\/revisions"}],"predecessor-version":[{"id":1805,"href":"https:\/\/www.maxdupuy.fr\/index.php\/wp-json\/wp\/v2\/pages\/168\/revisions\/1805"}],"wp:attachment":[{"href":"https:\/\/www.maxdupuy.fr\/index.php\/wp-json\/wp\/v2\/media?parent=168"}],"curies":[{"name":"wp","href":"https:\/\/api.w.org\/{rel}","templated":true}]}}