{"id":403,"date":"2017-06-14T13:14:53","date_gmt":"2017-06-14T11:14:53","guid":{"rendered":"http:\/\/www.maxdupuy.fr\/?page_id=403"},"modified":"2019-06-09T11:34:31","modified_gmt":"2019-06-09T09:34:31","slug":"ma-demarche-mon-parcours","status":"publish","type":"page","link":"https:\/\/www.maxdupuy.fr\/index.php\/ma-demarche-mon-parcours\/","title":{"rendered":"D\u00e9marche \/ Parcours"},"content":{"rendered":"<h1>Ma d\u00e9marche<\/h1>\n<div><\/div>\n<div>Parler de mon travail m&rsquo;a toujours paru difficile, sans doute parce que j&rsquo;y suis dedans. N\u00e9anmoins, sachant que je ne me r\u00e9clame d\u2019aucun des mouvements de la peinture actuelle, ni performances, ni installations, et que je reste tr\u00e8s simplement, mais tr\u00e8s profond\u00e9ment, attach\u00e9 \u00e0 la peinture avec quelques principes simples&nbsp;qui me sont propres, je puis ici rappeler ce qui m\u2019obs\u00e8de depuis pr\u00e8s de cinquante ann\u00e9es et qui pr\u00e9side constamment \u00e0 ma recherche:<\/div>\n<div>\n<ul>\n<li>Peindre, pour moi, c\u2019est poser de la couleur sur une surface plane limit\u00e9e, \u00e0 respecter. Rien d\u2019autre. C\u2019est simple, nullement simpliste, mais c\u2019est bien, l\u00e0, tout le probl\u00e8me.<\/li>\n<li>Le respect du plan est en cons\u00e9quence un imp\u00e9ratif. Il exige donc&nbsp; le rejet de tous artifices illusionnistes, du type&nbsp;\u00abperspective\u00bb, ou tout autre faux semblant.<\/li>\n<li>&nbsp;Le tableau est une r\u00e9alit\u00e9 en soi. Il ne se veut nullement une quelconque repr\u00e9sentation d\u2019une autre r\u00e9alit\u00e9.<\/li>\n<li>La peinture, enfin, pour moi, n\u2019est ni le lieu, ni le moment d\u2019une dimension psychologique ou expressionniste.<\/li>\n<\/ul>\n<\/div>\n<div><img loading=\"lazy\" decoding=\"async\" class=\"aligncenter wp-image-342\" title=\"M\u00e9lange de la peintre\" src=\"http:\/\/www.maxdupuy.fr\/wp-content\/uploads\/2017\/06\/MELANGE_DE_LA_PEINTURE-298x300.jpg\" alt=\"M\u00e9lange de la peintre\" width=\"500\" height=\"503\" srcset=\"https:\/\/www.maxdupuy.fr\/wp-content\/uploads\/2017\/06\/MELANGE_DE_LA_PEINTURE-298x300.jpg 298w, https:\/\/www.maxdupuy.fr\/wp-content\/uploads\/2017\/06\/MELANGE_DE_LA_PEINTURE-150x150.jpg 150w, https:\/\/www.maxdupuy.fr\/wp-content\/uploads\/2017\/06\/MELANGE_DE_LA_PEINTURE-768x773.jpg 768w, https:\/\/www.maxdupuy.fr\/wp-content\/uploads\/2017\/06\/MELANGE_DE_LA_PEINTURE-1017x1024.jpg 1017w, https:\/\/www.maxdupuy.fr\/wp-content\/uploads\/2017\/06\/MELANGE_DE_LA_PEINTURE.jpg 1058w\" sizes=\"(max-width: 500px) 100vw, 500px\" \/><\/div>\n<div><\/div>\n<div>\n<p>Partant de ces principes simples, il m\u2019appara\u00eet en cons\u00e9quence tr\u00e8s clairement que, (et je reprends ici \u00e0 mon compte les termes de Jacques Fauch\u00e9 en introduction de l\u2019ouvrage \u00ab\u00c0 la recherche de la couleur\u00bb que nous avons partag\u00e9) :<\/p>\n<blockquote><p><strong><em>\u00abPeindre, c\u2019est \u00e9tablir des relations singuli\u00e8res entre des \u00e9l\u00e9ments color\u00e9s sur une surface plane, la transformant ainsi en un espace sp\u00e9cifique. Espace construit, espace concret qui peut \u00eatre l\u00e9gitimement d\u00e9sign\u00e9 comme \u00e9tant de la peinture, \u00e0 la condition cependant que soit rigoureusement respect\u00e9 la plan\u00e9it\u00e9 du support. La surface plane est l\u2019aire de vie fondamentale de la couleur, son lieu sp\u00e9cifique&nbsp;; on ne saurait d\u00e8s lors parler de \u00ab&nbsp;couleur&nbsp;\u00bb ni dans l\u2019espace, ni dans la nature. Dans l\u2019espace ou dans la nature, il n\u2019y a pas de \u00ab&nbsp;couleur&nbsp;\u00bb, il n\u2019y a que des ph\u00e9nom\u00e8nes color\u00e9s .&nbsp; Il n\u2019y a plus de distinction entre le fond et la forme. L\u2019un et l\u2019autre ont la m\u00eame importance. L\u2019\u00e9motion ne na\u00eet pas de la dimension ou de la forme du&nbsp; support mais de l\u2019exigence de v\u00e9rit\u00e9.\u00bb<\/em><\/strong><\/p><\/blockquote>\n<p>On comprend qu\u2019il n\u2019est donc besoin d\u2019aucun artifice. Ils ne sont que pathos inutiles voire polluants. C\u2019est pourquoi, je tends donc \u00e0 r\u00e9duire&nbsp; mon dessin au minimum sans entrer dans le minimalisme. Le carr\u00e9, forme simple s\u2019il en est, me permet ainsi, de faire vibrer les couleurs, de les mettre en valeur sans les perturber par un&nbsp; dessin trop pr\u00e9gnant. C\u2019est ma fa\u00e7on de trouver l\u2019essence de la couleur, essentiellement&nbsp; dans des aplats; et, l\u2019acrylique reste actuellement, le mat\u00e9riau le mieux appropri\u00e9 pour cela.<\/p>\n<p>Enfin, je pense profond\u00e9ment que la peinture n\u2019existe, que dans l\u2019\u00e9motion qu\u2019elle engendre chez celui qui la regarde, sa sensibilit\u00e9 saura lui donner tout son sens.&nbsp; Ce qui est \u00e0 dire, est dans la peinture elle-m\u00eame, et qu\u2019il n\u2019y a rien d\u2019autre \u00e0 en dire, il n\u2019est donc qu\u2019\u00e0 inviter le regard.<\/p>\n<\/div>\n<div><\/div>\n<h1>Mon parcours<\/h1>\n<div>\n<blockquote><p>De la peinture, ROTHKO disait :<br \/>\n<strong><em>\u00abSilence is so accurate&nbsp;!\u00bb<\/em><\/strong><br \/>\n<strong> <em> Le silence est si pr\u00e9cis&nbsp;!<\/em><\/strong><\/p><\/blockquote>\n<p>C\u2019est aussi&nbsp; mon avis.<br \/>\nVoil\u00e0 pourquoi, je pr\u00e9f\u00e8re, plut\u00f4t que&nbsp; d\u00e9crire une \u00e9ventuelle d\u00e9marche artistique<br \/>\nou&nbsp; ma pratique, conter ces quatre histoires :<\/p>\n<\/div>\n<div><\/div>\n<h2>Premi\u00e8re histoire&nbsp;:<br \/>\nDans le village o\u00f9 je suis n\u00e9,<br \/>\nau sud de TOULOUSE, l\u2019imm\u00e9diat apr\u00e8s-guerre<\/h2>\n<div><\/div>\n<div><img loading=\"lazy\" decoding=\"async\" class=\"aligncenter wp-image-108\" title=\"En classe\" src=\"http:\/\/www.maxdupuy.fr\/wp-content\/uploads\/2017\/06\/PHOTO_ENFANCE-300x287.jpg\" alt=\"Photo d'enfance\" width=\"400\" height=\"382\" srcset=\"https:\/\/www.maxdupuy.fr\/wp-content\/uploads\/2017\/06\/PHOTO_ENFANCE-300x287.jpg 300w, https:\/\/www.maxdupuy.fr\/wp-content\/uploads\/2017\/06\/PHOTO_ENFANCE.jpg 491w\" sizes=\"(max-width: 400px) 100vw, 400px\" \/><\/div>\n<div><\/div>\n<div>\n<p>Je passe plus de temps \u00e0 r\u00eavasser (on disait alors, \u00eatre dans la lune&nbsp;!) qu\u2019au travail scolaire que je n\u2019aime gu\u00e8re. Un livre pourtant se r\u00e9v\u00e8le \u00e0 moi : les Fables de LA FONTAINE illustr\u00e9es par Benjamin RABIER. Les animaux qui se trouvent l\u00e0 sont \u00e0 mes yeux par\u00e9s de toutes les vertus&nbsp;: Ils sont \u00e9troitement li\u00e9s \u00e0 mon univers, ils sont en correspondance directe avec la vie de tous les jours, ils me sont&nbsp; plus r\u00e9els que les animaux qui peuplent mon environnement quotidien. L\u2019image fixe dans laquelle ils se d\u00e9ploient est rassurante, elle donne le temps, on peut la reprendre \u00e0 tout moment, au m\u00eame endroit, au m\u00eame point. J\u2019y retrouve&nbsp; chaque fois, des animaux gentils, souriants, sympathiques, bienveillants. L\u2019image est l\u00e0, immuable, dans sa stabilit\u00e9 s\u2019offrant \u00e0 la contemplation, elle me raconte des histoires qui vont bien au-del\u00e0 de la fable, et jusqu\u2019\u00e0 l\u2019infini. Je m\u2019y r\u00e9fugie, m\u2019y cache, je m\u2019y \u00e9vade, je me retrouve tout en s\u00e9curit\u00e9 dans ce monde&nbsp;!<\/p>\n<p>Ce besoin d\u2019image fixe ne m\u2019a jamais quitt\u00e9. Toutes les occasions me sont bonnes pour en re-cr\u00e9er, sur le papier, ou sur la toile&#8230;<\/p>\n<\/div>\n<div><\/div>\n<h2>Deuxi\u00e8me histoire :<br \/>\nA l&rsquo;\u00e9cole des beaux-Arts de Toulouse<br \/>\ndans les ann\u00e9es 60<\/h2>\n<div><\/div>\n<p><img loading=\"lazy\" decoding=\"async\" class=\"aligncenter wp-image-111\" title=\"Achirb\" src=\"http:\/\/www.maxdupuy.fr\/wp-content\/uploads\/2017\/06\/166-Achirb-294x300.jpg\" alt=\"166 Achirb\" width=\"400\" height=\"408\" srcset=\"https:\/\/www.maxdupuy.fr\/wp-content\/uploads\/2017\/06\/166-Achirb-294x300.jpg 294w, https:\/\/www.maxdupuy.fr\/wp-content\/uploads\/2017\/06\/166-Achirb-768x784.jpg 768w, https:\/\/www.maxdupuy.fr\/wp-content\/uploads\/2017\/06\/166-Achirb.jpg 784w\" sizes=\"(max-width: 400px) 100vw, 400px\" \/><\/p>\n<div><\/div>\n<div>Je suis inscrit \u00e0 l&rsquo;atelier sup\u00e9rieur de peinture. Cet atelier est pour moi une d\u00e9couverte. Raoul BERGOUGNIAN est un Ma\u00eetre au sens de ma\u00eetre artisan: chez lui, le faire d\u00e9passe la capacit\u00e9 d&rsquo;expliquer, il nous donne \u00e0 voir. Il monte une nature morte avec trois pommes, une poire, une fleur, un foulard&#8230; et imm\u00e9diatement, une \u00e9motion picturale prend naissance. Il suffit de transposer les rapports du mod\u00e8le sur la toile. Encore que transposer n&rsquo;est pas simple: c&rsquo;est l&rsquo;acte de peindre que je d\u00e9couvre.<br \/>\nA&nbsp;ce travail de peintre, s&rsquo;ajoute la culture picturale et l&rsquo;enseignement de la couleur, transmis par Jacques FAUCHE, dans son atelier. Transmission qui se poursuit dans l&rsquo;intimit\u00e9 protectrice de nos d\u00e9placements hebdomadaires dans sa 2 cv. je puise l\u00e0, la foi n\u00e9cessaire \u00e0 ma vie d&rsquo;enseignant et \u00e0 ma pratique (elle me conf\u00e9rera l&rsquo;autorit\u00e9 que l&rsquo;\u00e9ducation nationale donne rarement au prof de dessin.): le caract\u00e8re sacr\u00e9 de la peinture, au sens ou elle est travers\u00e9e par la gr\u00e2ce. La gr\u00e2ce, c&rsquo;est ici la force, le miracle de la po\u00e9tique. L&rsquo;art porte en lui-m\u00eame son caract\u00e8re sacr\u00e9. Il n&rsquo;y a d&rsquo;art que sacr\u00e9, sinon, ce n&rsquo;est pas de l&rsquo;art. Il s&rsquo;agit alors de d\u00e9coration, d&rsquo;illustration, d&rsquo;ornementation, d&rsquo;esth\u00e9tisation.<\/div>\n<div><\/div>\n<h2>Troisi\u00e8me histoire :<br \/>\nAnn\u00e9es 80, j\u2019enseigne les arts plastiques<br \/>\ndans un lyc\u00e9e du centre de la France<\/h2>\n<div><\/div>\n<div><img loading=\"lazy\" decoding=\"async\" class=\"aligncenter wp-image-109\" title=\"La maxime de Max, les cahiers p\u00e9dagogiques\" src=\"http:\/\/www.maxdupuy.fr\/wp-content\/uploads\/2017\/06\/la_maxime_de_max-217x300.jpg\" alt=\"La maxime de Max\" width=\"400\" height=\"552\" srcset=\"https:\/\/www.maxdupuy.fr\/wp-content\/uploads\/2017\/06\/la_maxime_de_max-217x300.jpg 217w, https:\/\/www.maxdupuy.fr\/wp-content\/uploads\/2017\/06\/la_maxime_de_max-768x1060.jpg 768w, https:\/\/www.maxdupuy.fr\/wp-content\/uploads\/2017\/06\/la_maxime_de_max-742x1024.jpg 742w, https:\/\/www.maxdupuy.fr\/wp-content\/uploads\/2017\/06\/la_maxime_de_max.jpg 1159w\" sizes=\"(max-width: 400px) 100vw, 400px\" \/><\/div>\n<div><\/div>\n<div>Un matin la proviseure, me croise dans le couloir&nbsp;: \u00ab&nbsp;Le couloir est bien triste, vous devriez penser \u00e0 le d\u00e9corer&nbsp;!&nbsp;\u00bb&nbsp; Je fulmine&nbsp;! Bien qu\u2019habitu\u00e9 au regard d\u00e9coratif que l\u2019on pose sur le professeur de dessin, je n\u2019ai jamais accept\u00e9 d\u2019endosser ce r\u00f4le et je ne supporte pas qu\u2019on me le jette \u00e0 la figure en toute d\u00e9sinvolture&nbsp;! Je reviens le lendemain matin avec ma col\u00e8re en bandouli\u00e8re et avec\u2026 la \u00ab&nbsp;d\u00e9co&nbsp;\u00bb toute pr\u00eate&nbsp;!&nbsp;: vingt-quatre carr\u00e9s noirs parfaits, bien align\u00e9s, et bien rang\u00e9s, et un carr\u00e9 noir froiss\u00e9 mal dispos\u00e9, en d\u00e9sordre, l\u00e9gend\u00e9&nbsp;:&nbsp;\u00ab&nbsp; mauvais \u00e9l\u00e8ve&nbsp;\u00bb. J\u2019affiche tout cela, en encadr\u00e9 sur&nbsp; le mur du couloir. La r\u00e9action de la proviseure est imm\u00e9diate, elle est furieuse&nbsp;!<br \/>\nJe prends conscience \u00e0 ce moment-l\u00e0 de deux nouvelles convictions qui d\u00e9termineront la suite&nbsp;de mon travail: La peinture, par ce qu\u2019elle montre, est un acte de r\u00e9sistance, m\u00eame lorsqu\u2019elle n\u2019a rien de figuratif ou d\u2019agressif.<br \/>\nL\u2019expressivit\u00e9 du carr\u00e9, figure g\u00e9om\u00e9trique simple, m\u2019appara\u00eet comme un \u00e9l\u00e9ment de vocabulaire plastique \u00e0 privil\u00e9gier (et il me sera permis de l\u2019exprimer pendant pr\u00e8s de dix ans dans une revue,\u00a0\u00bbLes cahiers p\u00e9dagogiques\u00a0\u00bb).<\/div>\n<div><\/div>\n<h2>Quatri\u00e8me histoire&nbsp;:<br \/>\nJuillet 2000<\/h2>\n<div><\/div>\n<div><img loading=\"lazy\" decoding=\"async\" class=\"wp-image-119 aligncenter\" title=\"Max Dupuy et Jacques Fauch\u00e9\" src=\"http:\/\/www.maxdupuy.fr\/wp-content\/uploads\/2017\/06\/max_jacques-1-300x297.jpg\" alt=\"Max Dupuy et Jacques Fauch\u00e9\" width=\"400\" height=\"396\" srcset=\"https:\/\/www.maxdupuy.fr\/wp-content\/uploads\/2017\/06\/max_jacques-1-300x297.jpg 300w, https:\/\/www.maxdupuy.fr\/wp-content\/uploads\/2017\/06\/max_jacques-1-150x150.jpg 150w, https:\/\/www.maxdupuy.fr\/wp-content\/uploads\/2017\/06\/max_jacques-1.jpg 341w\" sizes=\"(max-width: 400px) 100vw, 400px\" \/><\/div>\n<div><\/div>\n<p>J\u2019expose \u00e0 MIREPOIX dans l\u2019Ari\u00e8ge. Jacques et Arlette FAUCHE viennent m\u2019y visiter avec, comme toujours, beaucoup de bienveillance et d\u2019affection. Leur regard m\u2019importe. Il y a bien longtemps que je n\u2019ai pas eu l\u2019occasion de leur montrer mon travail. Ils me proposent de rejoindre le Collectif qui n\u2019est pas encore OCTOGONE. C\u2019est beaucoup d\u2019honneur, beaucoup de plaisir, beaucoup de fiert\u00e9. Et m\u00eame pas d\u2019angoisse&nbsp;!<br \/>\nEn m\u00eame temps, ils m\u2019ouvrent toutes grandes les portes de la couleur qui tr\u00e8s timidement venait \u00e0 moi. Alors, puisque&nbsp; j\u2019y suis invit\u00e9, je travaille. Je dose les valeurs,&nbsp; les saturations, et les teintes et plus j\u2019avance, plus le travail est exigeant, plus la satisfaction est grande.<br \/>\n<strong>Et la magie op\u00e8re. D\u00e8s qu\u2019une toile est \u00ab&nbsp;juste&nbsp;\u00bb, le miracle se produit.<\/strong><\/p>\n<div><\/div>\n<h1>Mes Expositions<\/h1>\n<div><\/div>\n<h2>Expositions personnelles<\/h2>\n<div><\/div>\n<div><strong>2017&nbsp;&#8211;<\/strong> Pavillon Charles X <strong>37 SAINT-CYR-SUR-LOIRE<\/strong><\/div>\n<div><strong>2016&nbsp;&#8211;<\/strong> Pavillon Charles X <strong>37 SAINT-CYR-SUR-LOIRE<\/strong><\/div>\n<div><strong>2013&nbsp;&#8211;<\/strong> Espace Mose <strong>86 LA ROCHE POSAY<\/strong><\/div>\n<div><strong>2012&nbsp;&#8211;<\/strong> IUT&nbsp;<strong>88 SAINT-DI\u00c9-DES-VOSGES<\/strong><\/div>\n<div><strong>2012&nbsp;&#8211;<\/strong> Galerie du Chancellier <strong>37 LOCHES<\/strong><\/div>\n<div><strong>2012&nbsp;&#8211;<\/strong>&nbsp;Galerie MONOD <strong>75 PARIS<\/strong><\/div>\n<div><strong>2010&nbsp;&#8211;<\/strong>&nbsp;Galerie MONOD <strong>75 PARIS<\/strong><\/div>\n<div><strong>2007&nbsp;&#8211;<\/strong> Espace Gibert <strong>11 L\u00c9ZIGNAN-CORBIERES<\/strong><\/div>\n<div><strong>2005&nbsp;&#8211;<\/strong> Galerie du Carroi <strong>37 MONTLOUIS\/LOIRE<\/strong><\/div>\n<div><strong>2005&nbsp;&#8211;<\/strong> Galerie \u00ab\u00a0art de vivre\u00a0\u00bb <strong>37 TOURS<\/strong><\/div>\n<div><strong>2005&nbsp;&#8211;<\/strong> Galerie des couverts <strong>09 MIREPOIX<\/strong><\/div>\n<div><strong>2001&nbsp;&#8211;<\/strong> Galerie des couverts <strong>09 MIREPOIX<\/strong><\/div>\n<div><strong>2001&nbsp;&#8211;<\/strong> Aquarium de Touraine <strong>37 LUSSAULT SUR LOIRE<\/strong><\/div>\n<div><strong>1994&nbsp;&#8211;<\/strong> Galerie du Point tourn\u00e9 <strong>37 AMBOISE<\/strong><\/div>\n<div><strong>1988&nbsp;&#8211;<\/strong> Galerie du mus\u00e9e <strong>37 AMBOISE<\/strong><\/div>\n<div><strong>1982&nbsp;&#8211;<\/strong> Galerie du mus\u00e9e <strong>37 AMBOISE<\/strong><\/div>\n<div><strong>1977&nbsp;&#8211;<\/strong> Galerie de La Tour&nbsp;<strong>37 AMBOISE<\/strong><\/div>\n<div><strong>1972&nbsp;&#8211;<\/strong> Galerie du Casino <strong>50 CHERBOURG<\/strong><\/div>\n<div><\/div>\n<div><img loading=\"lazy\" decoding=\"async\" class=\"wp-image-169 aligncenter\" title=\"Galerie\" src=\"http:\/\/www.maxdupuy.fr\/wp-content\/uploads\/2017\/06\/galerie-300x225.jpg\" alt=\"Galerie\" width=\"500\" height=\"375\" srcset=\"https:\/\/www.maxdupuy.fr\/wp-content\/uploads\/2017\/06\/galerie-300x225.jpg 300w, https:\/\/www.maxdupuy.fr\/wp-content\/uploads\/2017\/06\/galerie-768x576.jpg 768w, https:\/\/www.maxdupuy.fr\/wp-content\/uploads\/2017\/06\/galerie-1024x768.jpg 1024w, https:\/\/www.maxdupuy.fr\/wp-content\/uploads\/2017\/06\/galerie.jpg 1600w\" sizes=\"(max-width: 500px) 100vw, 500px\" \/><\/div>\n<div><\/div>\n<h2>Expositions avec le collectif Octogone<\/h2>\n<div><\/div>\n<div><strong>2015&nbsp;&#8211;<\/strong> Galerie des Arts, Domaine du Palais&nbsp;des \u00e9v\u00eaques <strong>09 SAINT-LIZIER<\/strong><\/div>\n<div><strong>2014&nbsp;&#8211;<\/strong> Galerie des Arts, Domaine du Palais&nbsp;des \u00e9v\u00eaques <strong>09 SAINT-LIZIER<\/strong><\/div>\n<div><strong>2012&nbsp;&#8211;<\/strong> Chapelle&nbsp;<strong>09 SEIX<\/strong><\/div>\n<div><strong>2012&nbsp;&#8211;<\/strong> Galerie du th\u00e9\u00e2tre <strong>31 SAINT-GAUDENS<\/strong><\/div>\n<div><strong>2011&nbsp;&#8211;<\/strong> Maison des associations <strong>31 TOULOUSE<\/strong><\/div>\n<div><strong>2011&nbsp;&#8211;<\/strong> Les greniers du Chap\u00eetre <strong>46 CAHORS<\/strong><\/div>\n<div><strong>2009&nbsp;&#8211;<\/strong> Galerie de la Pr\u00e9v\u00f4t\u00e9 <strong>41 SAINT-AIGNAN<\/strong><\/div>\n<div><strong>2008&nbsp;&#8211;<\/strong> Ch\u00e2teau <strong>31 LAUNAGUET<\/strong><\/div>\n<div><strong>2007&nbsp;&#8211;<\/strong> Mus\u00e9e municipal <strong>31 SAINT-GAUDENS<\/strong><\/div>\n<div><strong>2007&nbsp;&#8211;<\/strong> Espace Gibert <strong>11 L\u00c9ZIGNAN-CORBIERES<\/strong><\/div>\n<div><strong>2006&nbsp;&#8211;<\/strong>&nbsp;Rue des Arts <strong>09 CARLA-BAYLE<\/strong><\/div>\n<div><\/div>\n<div><img loading=\"lazy\" decoding=\"async\" class=\"aligncenter wp-image-184\" title=\"CARLA-BAYLE\" src=\"http:\/\/www.maxdupuy.fr\/wp-content\/uploads\/2017\/06\/galerie2-300x225.jpg\" alt=\"Galerie\" width=\"500\" height=\"375\" srcset=\"https:\/\/www.maxdupuy.fr\/wp-content\/uploads\/2017\/06\/galerie2-300x225.jpg 300w, https:\/\/www.maxdupuy.fr\/wp-content\/uploads\/2017\/06\/galerie2-768x576.jpg 768w, https:\/\/www.maxdupuy.fr\/wp-content\/uploads\/2017\/06\/galerie2.jpg 1024w\" sizes=\"(max-width: 500px) 100vw, 500px\" \/><\/div>\n<div><\/div>\n<h2>Salon \u00ab\u00a0R\u00e9alit\u00e9s Nouvelles\u00a0\u00bb<\/h2>\n<div><strong>2009 &#8211;<\/strong> \u00ab\u00a0R\u00e9alit\u00e9s Nouvelles\u00a0\u00bb Parc Floral <strong>75&nbsp;PARIS-VINCENNES<\/strong><\/div>\n<div><\/div>\n<div><img loading=\"lazy\" decoding=\"async\" class=\"aligncenter wp-image-171\" title=\"Salon R\u00e9alit\u00e9s Nouvelles\" src=\"http:\/\/www.maxdupuy.fr\/wp-content\/uploads\/2017\/06\/galerie3-300x225.jpg\" alt=\"Galerie\" width=\"500\" height=\"375\" srcset=\"https:\/\/www.maxdupuy.fr\/wp-content\/uploads\/2017\/06\/galerie3-300x225.jpg 300w, https:\/\/www.maxdupuy.fr\/wp-content\/uploads\/2017\/06\/galerie3-768x576.jpg 768w, https:\/\/www.maxdupuy.fr\/wp-content\/uploads\/2017\/06\/galerie3-1024x768.jpg 1024w, https:\/\/www.maxdupuy.fr\/wp-content\/uploads\/2017\/06\/galerie3.jpg 1600w\" sizes=\"(max-width: 500px) 100vw, 500px\" \/><\/div>\n","protected":false},"excerpt":{"rendered":"<p>Ma d\u00e9marche Parler de mon travail m&rsquo;a toujours paru difficile, sans doute parce que j&rsquo;y suis dedans. N\u00e9anmoins, sachant que je ne me r\u00e9clame d\u2019aucun des mouvements de la peinture actuelle, ni performances, ni installations, et que je reste tr\u00e8s simplement, mais tr\u00e8s profond\u00e9ment, attach\u00e9 \u00e0 la peinture avec quelques principes simples&nbsp;qui me sont propres, [&hellip;]<\/p>\n","protected":false},"author":2,"featured_media":0,"parent":0,"menu_order":0,"comment_status":"closed","ping_status":"closed","template":"","meta":{"footnotes":""},"_links":{"self":[{"href":"https:\/\/www.maxdupuy.fr\/index.php\/wp-json\/wp\/v2\/pages\/403"}],"collection":[{"href":"https:\/\/www.maxdupuy.fr\/index.php\/wp-json\/wp\/v2\/pages"}],"about":[{"href":"https:\/\/www.maxdupuy.fr\/index.php\/wp-json\/wp\/v2\/types\/page"}],"author":[{"embeddable":true,"href":"https:\/\/www.maxdupuy.fr\/index.php\/wp-json\/wp\/v2\/users\/2"}],"replies":[{"embeddable":true,"href":"https:\/\/www.maxdupuy.fr\/index.php\/wp-json\/wp\/v2\/comments?post=403"}],"version-history":[{"count":9,"href":"https:\/\/www.maxdupuy.fr\/index.php\/wp-json\/wp\/v2\/pages\/403\/revisions"}],"predecessor-version":[{"id":1028,"href":"https:\/\/www.maxdupuy.fr\/index.php\/wp-json\/wp\/v2\/pages\/403\/revisions\/1028"}],"wp:attachment":[{"href":"https:\/\/www.maxdupuy.fr\/index.php\/wp-json\/wp\/v2\/media?parent=403"}],"curies":[{"name":"wp","href":"https:\/\/api.w.org\/{rel}","templated":true}]}}